{"id":1243,"date":"2024-11-20T21:22:02","date_gmt":"2024-11-21T01:22:02","guid":{"rendered":"https:\/\/pr2.javixd.com\/?post_type=tribe_events&#038;p=1243"},"modified":"2024-12-21T09:04:22","modified_gmt":"2024-12-21T13:04:22","slug":"politica-publica-para-la-transformacion-digital-del-transporte","status":"publish","type":"tribe_events","link":"https:\/\/lapaz.bo\/redcooperacion\/eventos\/politica-publica-para-la-transformacion-digital-del-transporte\/","title":{"rendered":"POL\u00cdTICA P\u00daBLICA PARA LA TRANSFORMACI\u00d3N DIGITAL DEL TRANSPORTE"},"content":{"rendered":"\t\t<div data-elementor-type=\"tec_event_single_static\" data-elementor-id=\"1243\" class=\"elementor elementor-1243\">\n\t\t\t\t<div class=\"elementor-element elementor-element-386489a e-flex e-con-boxed wpr-particle-no wpr-jarallax-no wpr-parallax-no wpr-sticky-section-no e-con e-parent\" data-id=\"386489a\" data-element_type=\"container\" data-settings=\"{&quot;_ha_eqh_enable&quot;:false}\">\n\t\t\t\t\t<div class=\"e-con-inner\">\n\t\t<div class=\"elementor-element elementor-element-1e5f961 e-con-full e-flex wpr-particle-no wpr-jarallax-no wpr-parallax-no wpr-sticky-section-no e-con e-child\" data-id=\"1e5f961\" data-element_type=\"container\" data-settings=\"{&quot;_ha_eqh_enable&quot;:false}\">\n\t\t<div class=\"elementor-element elementor-element-57cdf8e e-con-full e-flex wpr-particle-no wpr-jarallax-no wpr-parallax-no wpr-sticky-section-no e-con e-child\" data-id=\"57cdf8e\" data-element_type=\"container\" data-settings=\"{&quot;background_background&quot;:&quot;classic&quot;,&quot;position&quot;:&quot;absolute&quot;,&quot;_ha_eqh_enable&quot;:false}\">\n\t\t\t\t<\/div>\n\t\t<div class=\"elementor-element elementor-element-72bd9c7 e-con-full e-flex wpr-particle-no wpr-jarallax-no wpr-parallax-no wpr-sticky-section-no e-con e-child\" data-id=\"72bd9c7\" data-element_type=\"container\" data-settings=\"{&quot;background_background&quot;:&quot;classic&quot;,&quot;position&quot;:&quot;absolute&quot;,&quot;_ha_eqh_enable&quot;:false}\">\n\t\t\t\t<\/div>\n\t\t\t\t<div class=\"elementor-element elementor-element-d787591 elementor-widget elementor-widget-tec_events_elementor_widget_event_title\" data-id=\"d787591\" data-element_type=\"widget\" data-widget_type=\"tec_events_elementor_widget_event_title.default\">\n\t\t\t\t<div class=\"elementor-widget-container\">\n\t\t\t\t\t<h1  class=\"tec-events-elementor-event-widget__title\" >\n\tPOL\u00cdTICA P\u00daBLICA PARA LA TRANSFORMACI\u00d3N DIGITAL DEL TRANSPORTE<\/h1>\t\t\t\t<\/div>\n\t\t\t\t<\/div>\n\t\t\t\t<\/div>\n\t\t\t\t\t<\/div>\n\t\t\t\t<\/div>\n\t\t<div class=\"elementor-element elementor-element-f6c1a84 e-flex e-con-boxed wpr-particle-no wpr-jarallax-no wpr-parallax-no wpr-sticky-section-no e-con e-parent\" data-id=\"f6c1a84\" data-element_type=\"container\" data-settings=\"{&quot;_ha_eqh_enable&quot;:false}\">\n\t\t\t\t\t<div class=\"e-con-inner\">\n\t\t<div class=\"elementor-element elementor-element-920ef40 e-con-full e-flex wpr-particle-no wpr-jarallax-no wpr-parallax-no wpr-sticky-section-no e-con e-child\" data-id=\"920ef40\" data-element_type=\"container\" data-settings=\"{&quot;_ha_eqh_enable&quot;:false}\">\n\t\t<div class=\"elementor-element elementor-element-7cd4863 e-con-full e-flex wpr-particle-no wpr-jarallax-no wpr-parallax-no wpr-sticky-section-no e-con e-child\" data-id=\"7cd4863\" data-element_type=\"container\" data-settings=\"{&quot;background_background&quot;:&quot;classic&quot;,&quot;position&quot;:&quot;absolute&quot;,&quot;_ha_eqh_enable&quot;:false}\">\n\t\t\t\t<\/div>\n\t\t\t\t<div class=\"elementor-element elementor-element-23d3e19 elementor-widget elementor-widget-text-editor\" data-id=\"23d3e19\" data-element_type=\"widget\" data-widget_type=\"text-editor.default\">\n\t\t\t\t<div class=\"elementor-widget-container\">\n\t\t\t\t\t\t\t\t\t<p>La segunda edici\u00f3n del curso Pol\u00edtica P\u00fablica para la Transformaci\u00f3n Digital del Transporte desarrollado por la Divisi\u00f3n de Transporte del BID est\u00e1 abierto a inscripciones.<\/p>\t\t\t\t\t\t\t\t<\/div>\n\t\t\t\t<\/div>\n\t\t\t\t<\/div>\n\t\t\t\t\t<\/div>\n\t\t\t\t<\/div>\n\t\t<div class=\"elementor-element elementor-element-d22cb8b e-flex e-con-boxed wpr-particle-no wpr-jarallax-no wpr-parallax-no wpr-sticky-section-no e-con e-parent\" data-id=\"d22cb8b\" data-element_type=\"container\" data-settings=\"{&quot;_ha_eqh_enable&quot;:false}\">\n\t\t\t\t\t<div class=\"e-con-inner\">\n\t\t<div class=\"elementor-element elementor-element-441b5db e-con-full e-flex wpr-particle-no wpr-jarallax-no wpr-parallax-no wpr-sticky-section-no e-con e-child\" data-id=\"441b5db\" data-element_type=\"container\" data-settings=\"{&quot;_ha_eqh_enable&quot;:false}\">\n\t\t<div class=\"elementor-element elementor-element-37c30f4 e-con-full e-flex wpr-particle-no wpr-jarallax-no wpr-parallax-no wpr-sticky-section-no e-con e-child\" data-id=\"37c30f4\" data-element_type=\"container\" data-settings=\"{&quot;_ha_eqh_enable&quot;:false}\">\n\t\t<div class=\"elementor-element elementor-element-b1c2478 e-con-full e-flex wpr-particle-no wpr-jarallax-no wpr-parallax-no wpr-sticky-section-no e-con e-child\" data-id=\"b1c2478\" data-element_type=\"container\" data-settings=\"{&quot;background_background&quot;:&quot;classic&quot;,&quot;position&quot;:&quot;absolute&quot;,&quot;_ha_eqh_enable&quot;:false}\">\n\t\t\t\t<\/div>\n\t\t<div class=\"elementor-element elementor-element-fcee098 e-con-full e-flex wpr-particle-no wpr-jarallax-no wpr-parallax-no wpr-sticky-section-no e-con e-child\" data-id=\"fcee098\" data-element_type=\"container\" data-settings=\"{&quot;background_background&quot;:&quot;classic&quot;,&quot;position&quot;:&quot;absolute&quot;,&quot;_ha_eqh_enable&quot;:false}\">\n\t\t\t\t<\/div>\n\t\t\t\t<div class=\"elementor-element elementor-element-7854789 elementor-widget elementor-widget-text-editor\" data-id=\"7854789\" data-element_type=\"widget\" data-widget_type=\"text-editor.default\">\n\t\t\t\t<div class=\"elementor-widget-container\">\n\t\t\t\t\t\t\t\t\t<p>Este curso ofrece una valiosa experiencia de aprendizaje dise\u00f1ada para los actores del sector p\u00fablico en transporte. Comienza con un an\u00e1lisis de las tendencias tecnol\u00f3gicas en el contexto de la transformaci\u00f3n digital del sector, destacando tanto sus beneficios como los desaf\u00edos asociados.<\/p>\t\t\t\t\t\t\t\t<\/div>\n\t\t\t\t<\/div>\n\t\t\t\t<\/div>\n\t\t\t\t<\/div>\n\t\t<div class=\"elementor-element elementor-element-b72b245 e-con-full e-flex wpr-particle-no wpr-jarallax-no wpr-parallax-no wpr-sticky-section-no e-con e-child\" data-id=\"b72b245\" data-element_type=\"container\" data-settings=\"{&quot;_ha_eqh_enable&quot;:false}\">\n\t\t<div class=\"elementor-element elementor-element-63e16b6 e-con-full e-flex wpr-particle-no wpr-jarallax-no wpr-parallax-no wpr-sticky-section-no e-con e-child\" data-id=\"63e16b6\" data-element_type=\"container\" data-settings=\"{&quot;position&quot;:&quot;absolute&quot;,&quot;_ha_eqh_enable&quot;:false}\">\n\t\t\t\t<\/div>\n\t\t\t\t<div class=\"elementor-element elementor-element-211f5fe elementor-widget elementor-widget-image\" data-id=\"211f5fe\" data-element_type=\"widget\" data-widget_type=\"image.default\">\n\t\t\t\t<div class=\"elementor-widget-container\">\n\t\t\t\t\t\t\t\t\t\t\t\t\t\t\t<img fetchpriority=\"high\" decoding=\"async\" width=\"749\" height=\"468\" src=\"https:\/\/lapaz.bo\/redcooperacion\/wp-content\/uploads\/2024\/11\/33333333333333.png\" class=\"attachment-large size-large wp-image-1244\" alt=\"\" srcset=\"https:\/\/lapaz.bo\/redcooperacion\/wp-content\/uploads\/2024\/11\/33333333333333.png 749w, https:\/\/lapaz.bo\/redcooperacion\/wp-content\/uploads\/2024\/11\/33333333333333-300x187.png 300w\" sizes=\"(max-width: 749px) 100vw, 749px\" \/>\t\t\t\t\t\t\t\t\t\t\t\t\t\t\t<\/div>\n\t\t\t\t<\/div>\n\t\t\t\t<\/div>\n\t\t\t\t\t<\/div>\n\t\t\t\t<\/div>\n\t\t<div class=\"elementor-element elementor-element-81a2b65 e-flex e-con-boxed wpr-particle-no wpr-jarallax-no wpr-parallax-no wpr-sticky-section-no e-con e-parent\" data-id=\"81a2b65\" data-element_type=\"container\" data-settings=\"{&quot;_ha_eqh_enable&quot;:false}\">\n\t\t\t\t\t<div class=\"e-con-inner\">\n\t\t<div class=\"elementor-element elementor-element-468d9b8 e-con-full e-flex wpr-particle-no wpr-jarallax-no wpr-parallax-no wpr-sticky-section-no e-con e-child\" data-id=\"468d9b8\" data-element_type=\"container\" data-settings=\"{&quot;_ha_eqh_enable&quot;:false}\">\n\t\t<div class=\"elementor-element elementor-element-ea9ad05 e-con-full e-flex wpr-particle-no wpr-jarallax-no wpr-parallax-no wpr-sticky-section-no e-con e-child\" data-id=\"ea9ad05\" data-element_type=\"container\" data-settings=\"{&quot;background_background&quot;:&quot;classic&quot;,&quot;position&quot;:&quot;absolute&quot;,&quot;_ha_eqh_enable&quot;:false}\">\n\t\t\t\t<\/div>\n\t\t\t\t<div class=\"elementor-element elementor-element-41aa1dd elementor-widget elementor-widget-text-editor\" data-id=\"41aa1dd\" data-element_type=\"widget\" data-widget_type=\"text-editor.default\">\n\t\t\t\t<div class=\"elementor-widget-container\">\n\t\t\t\t\t\t\t\t\t<p>El contenido del curso incluye referentes internacionales, casos de \u00e9xito, y ejemplos aplicables a los distintos subsectores: a\u00e9reo, mar\u00edtimo, carretero, y movilidad urbana. A lo largo del programa, tendr\u00e1s la oportunidad de evaluar el estado actual de tu contexto y de identificar buenas pr\u00e1cticas para gestionar eficazmente los procesos de transformaci\u00f3n digital en las administraciones p\u00fablicas del sector transporte.<\/p>\t\t\t\t\t\t\t\t<\/div>\n\t\t\t\t<\/div>\n\t\t\t\t<\/div>\n\t\t\t\t\t<\/div>\n\t\t\t\t<\/div>\n\t\t<div class=\"elementor-element elementor-element-38e1d18 e-flex e-con-boxed wpr-particle-no wpr-jarallax-no wpr-parallax-no wpr-sticky-section-no e-con e-parent\" data-id=\"38e1d18\" data-element_type=\"container\" data-settings=\"{&quot;_ha_eqh_enable&quot;:false}\">\n\t\t\t\t\t<div class=\"e-con-inner\">\n\t\t<div class=\"elementor-element elementor-element-6624129 e-con-full e-flex wpr-particle-no wpr-jarallax-no wpr-parallax-no wpr-sticky-section-no e-con e-child\" data-id=\"6624129\" data-element_type=\"container\" data-settings=\"{&quot;_ha_eqh_enable&quot;:false}\">\n\t\t<div class=\"elementor-element elementor-element-a4e78bf e-con-full e-flex wpr-particle-no wpr-jarallax-no wpr-parallax-no wpr-sticky-section-no e-con e-child\" data-id=\"a4e78bf\" data-element_type=\"container\" data-settings=\"{&quot;background_background&quot;:&quot;classic&quot;,&quot;position&quot;:&quot;absolute&quot;,&quot;_ha_eqh_enable&quot;:false}\">\n\t\t\t\t<\/div>\n\t\t<div class=\"elementor-element elementor-element-01462d8 e-con-full e-flex wpr-particle-no wpr-jarallax-no wpr-parallax-no wpr-sticky-section-no e-con e-child\" data-id=\"01462d8\" data-element_type=\"container\" data-settings=\"{&quot;background_background&quot;:&quot;classic&quot;,&quot;position&quot;:&quot;absolute&quot;,&quot;_ha_eqh_enable&quot;:false}\">\n\t\t\t\t<\/div>\n\t\t\t\t<div class=\"elementor-element elementor-element-4ecdebd elementor-widget elementor-widget-text-editor\" data-id=\"4ecdebd\" data-element_type=\"widget\" data-widget_type=\"text-editor.default\">\n\t\t\t\t<div class=\"elementor-widget-container\">\n\t\t\t\t\t\t\t\t\t<p><strong>INSCRIBIRSE AQU\u00cd:<\/strong>\u00a0<a href=\"https:\/\/t.ly\/2UU2p\">https:\/\/t.ly\/2UU2p<\/a><\/p>\t\t\t\t\t\t\t\t<\/div>\n\t\t\t\t<\/div>\n\t\t\t\t<\/div>\n\t\t\t\t\t<\/div>\n\t\t\t\t<\/div>\n\t\t<div class=\"elementor-element elementor-element-213642f e-flex e-con-boxed wpr-particle-no wpr-jarallax-no wpr-parallax-no wpr-sticky-section-no e-con e-parent\" data-id=\"213642f\" data-element_type=\"container\" data-settings=\"{&quot;background_background&quot;:&quot;classic&quot;,&quot;_ha_eqh_enable&quot;:false}\">\n\t\t\t\t\t<div class=\"e-con-inner\">\n\t\t<div class=\"elementor-element elementor-element-385577f e-con-full e-flex wpr-particle-no wpr-jarallax-no wpr-parallax-no wpr-sticky-section-no e-con e-child\" data-id=\"385577f\" data-element_type=\"container\" data-settings=\"{&quot;_ha_eqh_enable&quot;:false}\">\n\t\t\t\t<div class=\"elementor-element elementor-element-ca34166 elementor-widget elementor-widget-tec_events_elementor_widget_event_image\" data-id=\"ca34166\" data-element_type=\"widget\" data-widget_type=\"tec_events_elementor_widget_event_image.default\">\n\t\t\t\t<div class=\"elementor-widget-container\">\n\t\t\t\t\t<div  class=\"tec-events-elementor-event-widget__image\" >\n\t<img decoding=\"async\" width=\"749\" height=\"468\" src=\"https:\/\/lapaz.bo\/redcooperacion\/wp-content\/uploads\/2024\/11\/33333333333333.png\" class=\"elementor-image\" alt=\"\" srcset=\"https:\/\/lapaz.bo\/redcooperacion\/wp-content\/uploads\/2024\/11\/33333333333333.png 749w, https:\/\/lapaz.bo\/redcooperacion\/wp-content\/uploads\/2024\/11\/33333333333333-300x187.png 300w\" sizes=\"(max-width: 749px) 100vw, 749px\" \/><\/div>\n\t\t\t\t<\/div>\n\t\t\t\t<\/div>\n\t\t\t\t<\/div>\n\t\t<div class=\"elementor-element elementor-element-94ae6e7 e-con-full e-flex wpr-particle-no wpr-jarallax-no wpr-parallax-no wpr-sticky-section-no e-con e-child\" data-id=\"94ae6e7\" data-element_type=\"container\" data-settings=\"{&quot;_ha_eqh_enable&quot;:false}\">\n\t\t\t\t<div class=\"elementor-element elementor-element-ab47f67 elementor-widget elementor-widget-tec_events_elementor_widget_event_status\" data-id=\"ab47f67\" data-element_type=\"widget\" data-widget_type=\"tec_events_elementor_widget_event_status.default\">\n\t\t\t\t<div class=\"elementor-widget-container\">\n\t\t\t\t\t<p  class=\"tec-events-elementor-event-widget__status-passed\" >Este evento ha pasado.<\/p>\n\t\t\t\t<\/div>\n\t\t\t\t<\/div>\n\t\t\t\t<div class=\"elementor-element elementor-element-146c6e3 elementor-widget elementor-widget-tec_events_elementor_widget_event_datetime\" data-id=\"146c6e3\" data-element_type=\"widget\" data-widget_type=\"tec_events_elementor_widget_event_datetime.default\">\n\t\t\t\t<div class=\"elementor-widget-container\">\n\t\t\t\t\t<div  class=\"tec-events-elementor-event-widget__datetime-wrapper\" >\n\t\t<div  class=\"tec-events-elementor-event-widget__datetime\" >\n\t\t\t<span  class=\"tec-events-elementor-event-widget__datetime-date tec-events-elementor-event-widget__datetime-date--start\" >noviembre 20<\/span>\n\n\t\n<span  class=\"tec-events-elementor-event-widget__datetime-separator\" >\n\t @ <\/span>\n\n\n<span  class=\"tec-events-elementor-event-widget__datetime-time tec-events-elementor-event-widget__datetime-time--start\" >08:00<\/span>\n\n\t\t\n\n\n\n\t<span  class=\"tec-events-elementor-event-widget__datetime-separator\" >\n\t - <\/span>\n\n<span  class=\"tec-events-elementor-event-widget__datetime-time tec-events-elementor-event-widget__datetime-time--end\" >17:00<\/span>\n\n\n<span class=\"tribe-events-abbr tribe-events-time-zone published\"><\/span>\n\t<\/div><\/div>\n\t\t\t\t<\/div>\n\t\t\t\t<\/div>\n\t\t\t\t<\/div>\n\t\t<div class=\"elementor-element elementor-element-42844b6 e-con-full e-flex wpr-particle-no wpr-jarallax-no wpr-parallax-no wpr-sticky-section-no e-con e-child\" data-id=\"42844b6\" data-element_type=\"container\" data-settings=\"{&quot;_ha_eqh_enable&quot;:false}\">\n\t\t\t\t<div class=\"elementor-element elementor-element-3fa5762 elementor-widget elementor-widget-tec_events_elementor_widget_event_website\" data-id=\"3fa5762\" data-element_type=\"widget\" data-widget_type=\"tec_events_elementor_widget_event_website.default\">\n\t\t\t\t<div class=\"elementor-widget-container\">\n\t\t\t\t\t<div  class=\"tec-events-elementor-event-widget__website\" >\n\t<h3  class=\"tec-events-elementor-event-widget__website-header\" >\n\tWeb:<\/h3>\t<div  class=\"tec-events-elementor-event-widget__website-link\" >\n\t<a href=\"https:\/\/t.ly\/2UU2p\" target=\"_blank\" rel=\"noopener noreferrer\">https:\/\/t.ly\/2UU2p<\/a><\/div>\n<\/div>\n\t\t\t\t<\/div>\n\t\t\t\t<\/div>\n\t\t\t\t<\/div>\n\t\t<div class=\"elementor-element elementor-element-c8b502b e-con-full e-flex wpr-particle-no wpr-jarallax-no wpr-parallax-no wpr-sticky-section-no e-con e-child\" data-id=\"c8b502b\" data-element_type=\"container\" data-settings=\"{&quot;_ha_eqh_enable&quot;:false}\">\n\t\t\t\t<div class=\"elementor-element elementor-element-0ab277f elementor-widget elementor-widget-tec_events_elementor_widget_event_export\" data-id=\"0ab277f\" data-element_type=\"widget\" data-widget_type=\"tec_events_elementor_widget_event_export.default\">\n\t\t\t\t<div class=\"elementor-widget-container\">\n\t\t\t\t\t<div  class=\"tec-events-elementor-event-widget__export\" >\n\t<div  class=\"tec-events-elementor-event-widget__export-dropdown\" >\n\t\t\n<button\n\t class=\"tec-events-elementor-event-widget__export-dropdown-button tribe-common-c-btn-border tribe-events-c-subscribe-dropdown__button\" \taria-expanded=\"false\"\n\taria-controls=\"\"\n\taria-label=\"Ver enlaces para a\u00f1adir eventos al calendario\"\n>\n\t<i\n\t\t class=\"eicon eicon-export-kit tec-events-elementor-event-widget__export-dropdown-export-icon\" \t\taria-hidden=\"true\"\n\t><\/i>\n\tA\u00f1adir al calendario\t<svg\n\t\t class=\"tec-events-elementor-event-widget__export-dropdown-icon\" \t\tviewBox=\"0 0 12 8\"\n\t\txmlns=\"http:\/\/www.w3.org\/2000\/svg\"\n\t>\n\t\t<path d=\"M1.21.85L6 5.64 10.79.85 11.94 2 6 7.94.06 2z\" fill=\"currentColor\" fill-rule=\"nonzero\"\/>\n\t<\/svg>\n<\/button>\n\t\t<div\n\t\t\t class=\"tec-events-elementor-event-widget__export-dropdown-content\" \t\t\tstyle=\"display: none;\"\n\t\t>\n\t\t\t<ul  class=\"tec-events-elementor-event-widget__export-dropdown-list\" >\n\t\t\t\t\t\t\t\t\t<li  class=\"tec-events-elementor-event-widget__export-dropdown-list-item tec-events-elementor-event-widget__export-dropdown--gcal\" >\n\t<a\n\t class=\"tec-events-elementor-event-widget__export-dropdown-link\" \thref=\"https:\/\/www.google.com\/calendar\/event?action=TEMPLATE&#038;dates=20241120T080000\/20241120T170000&#038;text=POL%C3%8DTICA%20P%C3%9ABLICA%20PARA%20LA%20TRANSFORMACI%C3%93N%20DIGITAL%20DEL%20TRANSPORTE&#038;details=%3Ch1%3E%09POL%C3%8DTICA+P%C3%9ABLICA+PARA+LA+TRANSFORMACI%C3%93N+DIGITAL+DEL+TRANSPORTE%3C%2Fh1%3E%09%09%09%09%3Cp%3ELa+segunda+edici%C3%B3n+del+curso+Pol%C3%ADtica+P%C3%BAblica+para+la+Transformaci%C3%B3n+Digital+del+Transporte+desarrollado+por+la+Divisi%C3%B3n+de+Transporte+del+BID+est%C3%A1+abierto+a+inscripciones.%3C%2Fp%3E+%3Cp%3EEste+curso+ofrece+una+valiosa+experiencia+de+aprendizaje+dise%C3%B1ada+para+los+actores+del+sector+p%C3%BAblico+en+transporte.+Comienza+con+un+an%C3%A1lisis+de+las+tendencias+tecnol%C3%B3gicas+en+el+contexto+de+la+transformaci%C3%B3n+digital+del+sector%2C+destacando+tanto+sus+beneficios+como+los+desaf%C3%ADos+asociados.%3C%2Fp%3E+%09%09%09%09%09%09%09%09%09%09%09%09%09%09%09%3Cimg+width%3D%22749%22+height%3D%22468%22+src%3D%22https%3A%2F%2Flapaz.bo%2Fredcooperacion%2Fwp-content%2Fuploads%2F2024%2F11%2F33333333333333.png%22+alt%3D%22%22+srcset%3D%22https%3A%2F%2Flapaz.bo%2Fredcooperacion%2Fwp-content%2Fuploads%2F2024%2F11%2F33333333333333.png+749w%2C+https%3A%2F%2Flapaz.bo%2Fredcooperacion%2Fwp-content%2Fuploads%2F2024%2F11%2F33333333333333-300x187.png+300w%22+sizes%3D%22%28max-width%3A+749px%29+100vw%2C+749px%22+%2F%3E%09%09%09%09%09%09%09%09%09%09%09%09%09%09%09%3Cp%3EEl+contenido+del+curso+incluye+referentes+%3C%2Fp%3E+%28Ver+aqu%C3%AD+la+descripci%C3%B3n+completa+de+evento%3A+https%3A%2F%2Flapaz.bo%2Fredcooperacion%2Feventos%2Fpolitica-publica-para-la-transformacion-digital-del-transporte%2F%29&#038;trp=false&#038;ctz=America\/La_Paz&#038;sprop=website:https:\/\/lapaz.bo\/redcooperacion\"\n\ttarget=\"_blank\"\n\trel=\"noopener noreferrer\"\n>Google Calendar<\/a>\n<\/li>\n\t\t\t\t\t\t\t\t\t<li  class=\"tec-events-elementor-event-widget__export-dropdown-list-item tec-events-elementor-event-widget__export-dropdown--ical\" >\n\t<a\n\t class=\"tec-events-elementor-event-widget__export-dropdown-link\" \thref=\"https:\/\/lapaz.bo\/redcooperacion\/eventos\/politica-publica-para-la-transformacion-digital-del-transporte\/?ical=1\"\n\ttarget=\"_blank\"\n\trel=\"noopener noreferrer\"\n>iCalendar<\/a>\n<\/li>\n\t\t\t\t\t\t\t\t\t<li  class=\"tec-events-elementor-event-widget__export-dropdown-list-item tec-events-elementor-event-widget__export-dropdown--outlook-365\" >\n\t<a\n\t class=\"tec-events-elementor-event-widget__export-dropdown-link\" \thref=\"https:\/\/outlook.office.com\/owa\/?path=\/calendar\/action\/compose&#038;rrv=addevent&#038;startdt=2024-11-20T08%3A00%3A00-04%3A00&#038;enddt=2024-11-20T17%3A00%3A00-04%3A00&#038;location&#038;subject=POL%C3%8DTICA%20P%C3%9ABLICA%20PARA%20LA%20TRANSFORMACI%C3%93N%20DIGITAL%20DEL%20TRANSPORTE&#038;body=%09POL%C3%8DTICA%20P%C3%9ABLICA%20PARA%20LA%20TRANSFORMACI%C3%93N%20DIGITAL%20DEL%20TRANSPORTE%09%09%09%09%3Cp%3ELa%20segunda%20edici%C3%B3n%20del%20curso%20Pol%C3%ADtica%20P%C3%BAblica%20para%20la%20Transformaci%C3%B3n%20Digital%20del%20Transporte%20desarrollado%20por%20la%20Divisi%C3%B3n%20de%20Transporte%20del%20BID%20est%C3%A1%20abierto%20a%20inscripciones.%3C%2Fp%3E%3Cp%3EEste%20curso%20ofrece%20una%20valiosa%20experiencia%20de%20aprendizaje%20dise%C3%B1ada%20para%20los%20actores%20del%20sector%20p%C3%BAblico%20en%20transporte.%20Comienza%20con%20un%20an%C3%A1lisis%20de%20las%20tendencias%20tecnol%C3%B3gicas%20en%20el%20contexto%20de%20la%20transformaci%C3%B3n%20digital%20del%20sector%2C%20destacando%20tanto%20sus%20beneficios%20como%20los%20desaf%C3%ADos%20asociados.%3C%2Fp%3E%09%09%09%09%09%09%09%09%09%09%09%09%09%09%09%09%09%09%09%09%09%09%09%09%09%09%09%09%09%09%3Cp%3EEl%20contenido%20del%20curso%20incluye%20referentes%20internacionales%2C%20casos%20de%20%C3%A9xito%2C%20y%20ejemplos%20aplicables%20a%20los%20distintos%20subsectores%3A%20a%C3%A9reo%2C%20mar%C3%ADtimo%2C%20carretero%2C%20y%20movilidad%20urbana.%20A%20lo%20largo%20del%20programa%2C%20tendr%C3%A1s%20la%20oportunidad%20de%20evaluar%20el%20estado%20actual%20de%20tu%20contexto%20y%20de%20identificar%20buenas%20pr%C3%A1cticas%20pa%20%28Ver%20aqu%C3%AD%20la%20descripci%C3%B3n%20completa%20de%20Evento%3A%20https%3A%2F%2Flapaz.bo%2Fredcooperacion%2Feventos%2Fpolitica-publica-para-la-transformacion-digital-del-transporte%2F%29\"\n\ttarget=\"_blank\"\n\trel=\"noopener noreferrer\"\n>Outlook 365<\/a>\n<\/li>\n\t\t\t\t\t\t\t\t\t<li  class=\"tec-events-elementor-event-widget__export-dropdown-list-item tec-events-elementor-event-widget__export-dropdown--outlook-live\" >\n\t<a\n\t class=\"tec-events-elementor-event-widget__export-dropdown-link\" \thref=\"https:\/\/outlook.live.com\/owa\/?path=\/calendar\/action\/compose&#038;rrv=addevent&#038;startdt=2024-11-20T08%3A00%3A00-04%3A00&#038;enddt=2024-11-20T17%3A00%3A00-04%3A00&#038;location&#038;subject=POL%C3%8DTICA%20P%C3%9ABLICA%20PARA%20LA%20TRANSFORMACI%C3%93N%20DIGITAL%20DEL%20TRANSPORTE&#038;body=%09POL%C3%8DTICA%20P%C3%9ABLICA%20PARA%20LA%20TRANSFORMACI%C3%93N%20DIGITAL%20DEL%20TRANSPORTE%09%09%09%09%3Cp%3ELa%20segunda%20edici%C3%B3n%20del%20curso%20Pol%C3%ADtica%20P%C3%BAblica%20para%20la%20Transformaci%C3%B3n%20Digital%20del%20Transporte%20desarrollado%20por%20la%20Divisi%C3%B3n%20de%20Transporte%20del%20BID%20est%C3%A1%20abierto%20a%20inscripciones.%3C%2Fp%3E%3Cp%3EEste%20curso%20ofrece%20una%20valiosa%20experiencia%20de%20aprendizaje%20dise%C3%B1ada%20para%20los%20actores%20del%20sector%20p%C3%BAblico%20en%20transporte.%20Comienza%20con%20un%20an%C3%A1lisis%20de%20las%20tendencias%20tecnol%C3%B3gicas%20en%20el%20contexto%20de%20la%20transformaci%C3%B3n%20digital%20del%20sector%2C%20destacando%20tanto%20sus%20beneficios%20como%20los%20desaf%C3%ADos%20asociados.%3C%2Fp%3E%09%09%09%09%09%09%09%09%09%09%09%09%09%09%09%09%09%09%09%09%09%09%09%09%09%09%09%09%09%09%3Cp%3EEl%20contenido%20del%20curso%20incluye%20referentes%20internacionales%2C%20casos%20de%20%C3%A9xito%2C%20y%20ejemplos%20aplicables%20a%20los%20distintos%20subsectores%3A%20a%C3%A9reo%2C%20mar%C3%ADtimo%2C%20carretero%2C%20y%20movilidad%20urbana.%20A%20lo%20largo%20del%20programa%2C%20tendr%C3%A1s%20la%20oportunidad%20de%20evaluar%20el%20estado%20actual%20de%20tu%20contexto%20y%20de%20identificar%20buenas%20pr%C3%A1cticas%20pa%20%28Ver%20aqu%C3%AD%20la%20descripci%C3%B3n%20completa%20de%20Evento%3A%20https%3A%2F%2Flapaz.bo%2Fredcooperacion%2Feventos%2Fpolitica-publica-para-la-transformacion-digital-del-transporte%2F%29\"\n\ttarget=\"_blank\"\n\trel=\"noopener noreferrer\"\n>Outlook Live<\/a>\n<\/li>\n\t\t\t\t\t\t\t<\/ul>\n\t\t<\/div>\n\n\t\t<script>\n\t\t\t\/\/ Some JS to toggle the dropdown, todo: maybe move this to a separate file?\n\t\t\tvar exportButton = document.querySelector( \".tec-events-elementor-event-widget__export-dropdown-button\" );\n\t\t\tvar exportDropdownContent = document.querySelector( \".tec-events-elementor-event-widget__export-dropdown-content\" );\n\t\t\tvar exportDropdownIcon = document.querySelector( \".tec-events-elementor-event-widget__export-dropdown-icon\" );\n\n\t\t\texportButton.addEventListener(\n\t\t\t\t\"click\",\n\t\t\t\tfunction () {\n\t\t\t\t\tlet isClosed = exportDropdownContent.style.display !== \"block\";\n\t\t\t\t\texportButton.ariaExpanded = isClosed ? \"true\" : \"false\"; \/\/ Update aria-expanded.\n\t\t\t\t\texportDropdownContent.style.display = isClosed ? \"block\" : \"none\"; \/\/ Toggle display.\n\t\t\t\t\texportDropdownIcon.classList.toggle( \"tec-events-elementor-event-widget__export-dropdown-icon--active\" ); \/\/ Toggle arrow direction.\n\t\t\t\t}\n\t\t\t);\n\t\t<\/script>\n\t<\/div>\n<\/div>\n\t\t\t\t<\/div>\n\t\t\t\t<\/div>\n\t\t\t\t<\/div>\n\t\t\t\t\t<\/div>\n\t\t\t\t<\/div>\n\t\t\t\t<\/div>\n\t\t","protected":false},"excerpt":{"rendered":"<p>POL\u00cdTICA P\u00daBLICA PARA LA TRANSFORMACI\u00d3N DIGITAL DEL TRANSPORTE La segunda edici\u00f3n del curso Pol\u00edtica P\u00fablica para la Transformaci\u00f3n Digital del Transporte desarrollado por la Divisi\u00f3n de Transporte del BID est\u00e1&#8230;<\/p>\n","protected":false},"author":1,"featured_media":1244,"template":"elementor_theme","meta":{"_acf_changed":false,"_bbp_topic_count":0,"_bbp_reply_count":0,"_bbp_total_topic_count":0,"_bbp_total_reply_count":0,"_bbp_voice_count":0,"_bbp_anonymous_reply_count":0,"_bbp_topic_count_hidden":0,"_bbp_reply_count_hidden":0,"_bbp_forum_subforum_count":0,"site-sidebar-layout":"default","site-content-layout":"","ast-site-content-layout":"default","site-content-style":"default","site-sidebar-style":"default","ast-global-header-display":"","ast-banner-title-visibility":"","ast-main-header-display":"","ast-hfb-above-header-display":"","ast-hfb-below-header-display":"","ast-hfb-mobile-header-display":"","site-post-title":"","ast-breadcrumbs-content":"","ast-featured-img":"","footer-sml-layout":"","theme-transparent-header-meta":"default","adv-header-id-meta":"","stick-header-meta":"","header-above-stick-meta":"","header-main-stick-meta":"","header-below-stick-meta":"","astra-migrate-meta-layouts":"set","ast-page-background-enabled":"default","ast-page-background-meta":{"desktop":{"background-color":"var(--ast-global-color-4)","background-image":"","background-repeat":"repeat","background-position":"center center","background-size":"auto","background-attachment":"scroll","background-type":"","background-media":"","overlay-type":"","overlay-color":"","overlay-opacity":"","overlay-gradient":""},"tablet":{"background-color":"","background-image":"","background-repeat":"repeat","background-position":"center center","background-size":"auto","background-attachment":"scroll","background-type":"","background-media":"","overlay-type":"","overlay-color":"","overlay-opacity":"","overlay-gradient":""},"mobile":{"background-color":"","background-image":"","background-repeat":"repeat","background-position":"center center","background-size":"auto","background-attachment":"scroll","background-type":"","background-media":"","overlay-type":"","overlay-color":"","overlay-opacity":"","overlay-gradient":""}},"ast-content-background-meta":{"desktop":{"background-color":"var(--ast-global-color-5)","background-image":"","background-repeat":"repeat","background-position":"center center","background-size":"auto","background-attachment":"scroll","background-type":"","background-media":"","overlay-type":"","overlay-color":"","overlay-opacity":"","overlay-gradient":""},"tablet":{"background-color":"var(--ast-global-color-5)","background-image":"","background-repeat":"repeat","background-position":"center center","background-size":"auto","background-attachment":"scroll","background-type":"","background-media":"","overlay-type":"","overlay-color":"","overlay-opacity":"","overlay-gradient":""},"mobile":{"background-color":"var(--ast-global-color-5)","background-image":"","background-repeat":"repeat","background-position":"center center","background-size":"auto","background-attachment":"scroll","background-type":"","background-media":"","overlay-type":"","overlay-color":"","overlay-opacity":"","overlay-gradient":""}},"_tribe_events_status":"","_tribe_events_status_reason":"","footnotes":""},"tags":[],"tribe_events_cat":[],"class_list":["post-1243","tribe_events","type-tribe_events","status-publish","has-post-thumbnail","hentry"],"acf":[],"_links":{"self":[{"href":"https:\/\/lapaz.bo\/redcooperacion\/wp-json\/wp\/v2\/tribe_events\/1243","targetHints":{"allow":["GET"]}}],"collection":[{"href":"https:\/\/lapaz.bo\/redcooperacion\/wp-json\/wp\/v2\/tribe_events"}],"about":[{"href":"https:\/\/lapaz.bo\/redcooperacion\/wp-json\/wp\/v2\/types\/tribe_events"}],"author":[{"embeddable":true,"href":"https:\/\/lapaz.bo\/redcooperacion\/wp-json\/wp\/v2\/users\/1"}],"version-history":[{"count":18,"href":"https:\/\/lapaz.bo\/redcooperacion\/wp-json\/wp\/v2\/tribe_events\/1243\/revisions"}],"predecessor-version":[{"id":3099,"href":"https:\/\/lapaz.bo\/redcooperacion\/wp-json\/wp\/v2\/tribe_events\/1243\/revisions\/3099"}],"wp:featuredmedia":[{"embeddable":true,"href":"https:\/\/lapaz.bo\/redcooperacion\/wp-json\/wp\/v2\/media\/1244"}],"wp:attachment":[{"href":"https:\/\/lapaz.bo\/redcooperacion\/wp-json\/wp\/v2\/media?parent=1243"}],"wp:term":[{"taxonomy":"post_tag","embeddable":true,"href":"https:\/\/lapaz.bo\/redcooperacion\/wp-json\/wp\/v2\/tags?post=1243"},{"taxonomy":"tribe_events_cat","embeddable":true,"href":"https:\/\/lapaz.bo\/redcooperacion\/wp-json\/wp\/v2\/tribe_events_cat?post=1243"}],"curies":[{"name":"wp","href":"https:\/\/api.w.org\/{rel}","templated":true}]}}