{"id":1237,"date":"2024-11-20T21:14:34","date_gmt":"2024-11-21T01:14:34","guid":{"rendered":"https:\/\/pr2.javixd.com\/?post_type=tribe_events&#038;p=1237"},"modified":"2024-12-21T09:06:13","modified_gmt":"2024-12-21T13:06:13","slug":"su-majestad-el-rey-presidira-el-i-encuentro-de-ciudades-iberoamericanas","status":"publish","type":"tribe_events","link":"https:\/\/lapaz.bo\/redcooperacion\/eventos\/su-majestad-el-rey-presidira-el-i-encuentro-de-ciudades-iberoamericanas\/","title":{"rendered":"Su Majestad el Rey presidir\u00e1 el \u201cI Encuentro de Ciudades Iberoamericanas\u201d"},"content":{"rendered":"\t\t<div data-elementor-type=\"tec_event_single_static\" data-elementor-id=\"1237\" class=\"elementor elementor-1237\" data-elementor-settings=\"{&quot;ha_cmc_init_switcher&quot;:&quot;no&quot;}\">\n\t\t\t\t<div class=\"elementor-element elementor-element-a94d61d e-flex e-con-boxed wpr-particle-no wpr-jarallax-no wpr-parallax-no wpr-sticky-section-no e-con e-parent\" data-id=\"a94d61d\" data-element_type=\"container\" data-settings=\"{&quot;_ha_eqh_enable&quot;:false}\">\n\t\t\t\t\t<div class=\"e-con-inner\">\n\t\t<div class=\"elementor-element elementor-element-245f01c e-con-full e-flex wpr-particle-no wpr-jarallax-no wpr-parallax-no wpr-sticky-section-no e-con e-child\" data-id=\"245f01c\" data-element_type=\"container\" data-settings=\"{&quot;_ha_eqh_enable&quot;:false}\">\n\t\t<div class=\"elementor-element elementor-element-a2bfc65 e-con-full e-flex wpr-particle-no wpr-jarallax-no wpr-parallax-no wpr-sticky-section-no e-con e-child\" data-id=\"a2bfc65\" data-element_type=\"container\" data-settings=\"{&quot;background_background&quot;:&quot;classic&quot;,&quot;position&quot;:&quot;absolute&quot;,&quot;_ha_eqh_enable&quot;:false}\">\n\t\t\t\t<\/div>\n\t\t<div class=\"elementor-element elementor-element-aadb8c5 e-con-full e-flex wpr-particle-no wpr-jarallax-no wpr-parallax-no wpr-sticky-section-no e-con e-child\" data-id=\"aadb8c5\" data-element_type=\"container\" data-settings=\"{&quot;background_background&quot;:&quot;classic&quot;,&quot;position&quot;:&quot;absolute&quot;,&quot;_ha_eqh_enable&quot;:false}\">\n\t\t\t\t<\/div>\n\t\t\t\t<div class=\"elementor-element elementor-element-1a21902 elementor-widget elementor-widget-tec_events_elementor_widget_event_title\" data-id=\"1a21902\" data-element_type=\"widget\" data-widget_type=\"tec_events_elementor_widget_event_title.default\">\n\t\t\t\t<div class=\"elementor-widget-container\">\n\t\t\t\t\t<h1  class=\"tec-events-elementor-event-widget__title\" >\n\tSu Majestad el Rey presidir\u00e1 el \u201cI Encuentro de Ciudades Iberoamericanas\u201d<\/h1>\t\t\t\t<\/div>\n\t\t\t\t<\/div>\n\t\t\t\t<\/div>\n\t\t\t\t\t<\/div>\n\t\t\t\t<\/div>\n\t\t<div class=\"elementor-element elementor-element-c2e5012 e-flex e-con-boxed wpr-particle-no wpr-jarallax-no wpr-parallax-no wpr-sticky-section-no e-con e-parent\" data-id=\"c2e5012\" data-element_type=\"container\" data-settings=\"{&quot;_ha_eqh_enable&quot;:false}\">\n\t\t\t\t\t<div class=\"e-con-inner\">\n\t\t<div class=\"elementor-element elementor-element-61c6f8b e-con-full e-flex wpr-particle-no wpr-jarallax-no wpr-parallax-no wpr-sticky-section-no e-con e-child\" data-id=\"61c6f8b\" data-element_type=\"container\" data-settings=\"{&quot;_ha_eqh_enable&quot;:false}\">\n\t\t<div class=\"elementor-element elementor-element-cf8f96d e-con-full e-flex wpr-particle-no wpr-jarallax-no wpr-parallax-no wpr-sticky-section-no e-con e-child\" data-id=\"cf8f96d\" data-element_type=\"container\" data-settings=\"{&quot;_ha_eqh_enable&quot;:false}\">\n\t\t<div class=\"elementor-element elementor-element-18ed556 e-con-full e-flex wpr-particle-no wpr-jarallax-no wpr-parallax-no wpr-sticky-section-no e-con e-child\" data-id=\"18ed556\" data-element_type=\"container\" data-settings=\"{&quot;background_background&quot;:&quot;classic&quot;,&quot;position&quot;:&quot;absolute&quot;,&quot;_ha_eqh_enable&quot;:false}\">\n\t\t\t\t<\/div>\n\t\t<div class=\"elementor-element elementor-element-82a190a e-con-full e-flex wpr-particle-no wpr-jarallax-no wpr-parallax-no wpr-sticky-section-no e-con e-child\" data-id=\"82a190a\" data-element_type=\"container\" data-settings=\"{&quot;background_background&quot;:&quot;classic&quot;,&quot;position&quot;:&quot;absolute&quot;,&quot;_ha_eqh_enable&quot;:false}\">\n\t\t\t\t<\/div>\n\t\t\t\t<div class=\"elementor-element elementor-element-aa64de6 elementor-widget elementor-widget-text-editor\" data-id=\"aa64de6\" data-element_type=\"widget\" data-widget_type=\"text-editor.default\">\n\t\t\t\t<div class=\"elementor-widget-container\">\n\t\t\t\t\t\t\t\t\t<p>Don Felipe presidir\u00e1 el \u201cI Encuentro de Ciudades Iberoamericanas\u201d, organizado por la UCCI y SEGIB que tendr\u00e1 lugar los d\u00edas 30 y 31 de octubre y que busca visibilizar el rol de las grandes ciudades en el desarrollo de Iberoam\u00e9rica.<\/p><p>El encuentro se enmarca dentro de las reuniones preparatorias de la pr\u00f3xima Cumbre Iberoamericana de Jefes y Jefas de Estado y de Gobierno y elevar\u00e1 la voz de los gobiernos locales en la institucionalidad de las Cumbres Iberoamericanas.<\/p>\t\t\t\t\t\t\t\t<\/div>\n\t\t\t\t<\/div>\n\t\t\t\t<\/div>\n\t\t\t\t<\/div>\n\t\t<div class=\"elementor-element elementor-element-f7218fb e-con-full e-flex wpr-particle-no wpr-jarallax-no wpr-parallax-no wpr-sticky-section-no e-con e-child\" data-id=\"f7218fb\" data-element_type=\"container\" data-settings=\"{&quot;_ha_eqh_enable&quot;:false}\">\n\t\t<div class=\"elementor-element elementor-element-d53a9d1 e-con-full e-flex wpr-particle-no wpr-jarallax-no wpr-parallax-no wpr-sticky-section-no e-con e-child\" data-id=\"d53a9d1\" data-element_type=\"container\" data-settings=\"{&quot;position&quot;:&quot;absolute&quot;,&quot;_ha_eqh_enable&quot;:false}\">\n\t\t\t\t<\/div>\n\t\t\t\t<div class=\"elementor-element elementor-element-71d502a elementor-widget elementor-widget-image\" data-id=\"71d502a\" data-element_type=\"widget\" data-widget_type=\"image.default\">\n\t\t\t\t<div class=\"elementor-widget-container\">\n\t\t\t\t\t\t\t\t\t\t\t\t\t\t\t<img fetchpriority=\"high\" decoding=\"async\" width=\"576\" height=\"674\" src=\"https:\/\/lapaz.bo\/redcooperacion\/wp-content\/uploads\/2024\/11\/hfjfjh.png\" class=\"attachment-large size-large wp-image-1238\" alt=\"\" srcset=\"https:\/\/lapaz.bo\/redcooperacion\/wp-content\/uploads\/2024\/11\/hfjfjh.png 576w, https:\/\/lapaz.bo\/redcooperacion\/wp-content\/uploads\/2024\/11\/hfjfjh-256x300.png 256w\" sizes=\"(max-width: 576px) 100vw, 576px\" \/>\t\t\t\t\t\t\t\t\t\t\t\t\t\t\t<\/div>\n\t\t\t\t<\/div>\n\t\t\t\t<\/div>\n\t\t\t\t\t<\/div>\n\t\t\t\t<\/div>\n\t\t<div class=\"elementor-element elementor-element-3a7ac5e e-flex e-con-boxed wpr-particle-no wpr-jarallax-no wpr-parallax-no wpr-sticky-section-no e-con e-parent\" data-id=\"3a7ac5e\" data-element_type=\"container\" data-settings=\"{&quot;_ha_eqh_enable&quot;:false}\">\n\t\t\t\t\t<div class=\"e-con-inner\">\n\t\t<div class=\"elementor-element elementor-element-d5e4d6e e-con-full e-flex wpr-particle-no wpr-jarallax-no wpr-parallax-no wpr-sticky-section-no e-con e-child\" data-id=\"d5e4d6e\" data-element_type=\"container\" data-settings=\"{&quot;_ha_eqh_enable&quot;:false}\">\n\t\t<div class=\"elementor-element elementor-element-fb0b47a e-con-full e-flex wpr-particle-no wpr-jarallax-no wpr-parallax-no wpr-sticky-section-no e-con e-child\" data-id=\"fb0b47a\" data-element_type=\"container\" data-settings=\"{&quot;background_background&quot;:&quot;classic&quot;,&quot;position&quot;:&quot;absolute&quot;,&quot;_ha_eqh_enable&quot;:false}\">\n\t\t\t\t<\/div>\n\t\t<div class=\"elementor-element elementor-element-7348e8b e-con-full e-flex wpr-particle-no wpr-jarallax-no wpr-parallax-no wpr-sticky-section-no e-con e-child\" data-id=\"7348e8b\" data-element_type=\"container\" data-settings=\"{&quot;background_background&quot;:&quot;classic&quot;,&quot;position&quot;:&quot;absolute&quot;,&quot;_ha_eqh_enable&quot;:false}\">\n\t\t\t\t<\/div>\n\t\t\t\t<div class=\"elementor-element elementor-element-584f6fa elementor-widget elementor-widget-text-editor\" data-id=\"584f6fa\" data-element_type=\"widget\" data-widget_type=\"text-editor.default\">\n\t\t\t\t<div class=\"elementor-widget-container\">\n\t\t\t\t\t\t\t\t\t<p>El evento se podr\u00e1 seguir v\u00eda Streaming<br \/>\ud83d\udcbb Acceder en la web del evento: <a href=\"https:\/\/shorturl.at\/a5QKk\">https:\/\/shorturl.at\/a5QKk<\/a><\/p>\t\t\t\t\t\t\t\t<\/div>\n\t\t\t\t<\/div>\n\t\t\t\t<\/div>\n\t\t\t\t\t<\/div>\n\t\t\t\t<\/div>\n\t\t<div class=\"elementor-element elementor-element-05c27e5 e-flex e-con-boxed wpr-particle-no wpr-jarallax-no wpr-parallax-no wpr-sticky-section-no e-con e-parent\" data-id=\"05c27e5\" data-element_type=\"container\" data-settings=\"{&quot;_ha_eqh_enable&quot;:false}\">\n\t\t\t\t\t<div class=\"e-con-inner\">\n\t\t<div class=\"elementor-element elementor-element-7951902 e-con-full e-flex wpr-particle-no wpr-jarallax-no wpr-parallax-no wpr-sticky-section-no e-con e-child\" data-id=\"7951902\" data-element_type=\"container\" data-settings=\"{&quot;_ha_eqh_enable&quot;:false}\">\n\t\t<div class=\"elementor-element elementor-element-fe4d7b0 e-con-full e-flex wpr-particle-no wpr-jarallax-no wpr-parallax-no wpr-sticky-section-no e-con e-child\" data-id=\"fe4d7b0\" data-element_type=\"container\" data-settings=\"{&quot;background_background&quot;:&quot;classic&quot;,&quot;position&quot;:&quot;absolute&quot;,&quot;_ha_eqh_enable&quot;:false}\">\n\t\t\t\t<\/div>\n\t\t\t\t<div class=\"elementor-element elementor-element-6dde99d elementor-widget elementor-widget-text-editor\" data-id=\"6dde99d\" data-element_type=\"widget\" data-widget_type=\"text-editor.default\">\n\t\t\t\t<div class=\"elementor-widget-container\">\n\t\t\t\t\t\t\t\t\t<p><strong>TEMAS:<\/strong><\/p><ul><li>Financiaci\u00f3n sostenible para el desarrollo futuro de las ciudades iberoamericana<\/li><li>Transici\u00f3n urbana sostenible: recursos en crisis<\/li><li>Desaf\u00edos urbanos en torno a la seguridad: el rol de la innovaci\u00f3n y la tecnolog\u00eda.<\/li><li>El valor del talento en el desarrollo de la regi\u00f3n iberoamericana: emprendimiento, movilidad humana e innovaci\u00f3n.<\/li><\/ul>\t\t\t\t\t\t\t\t<\/div>\n\t\t\t\t<\/div>\n\t\t\t\t<\/div>\n\t\t\t\t\t<\/div>\n\t\t\t\t<\/div>\n\t\t<div class=\"elementor-element elementor-element-de44fa6 e-flex e-con-boxed wpr-particle-no wpr-jarallax-no wpr-parallax-no wpr-sticky-section-no e-con e-parent\" data-id=\"de44fa6\" data-element_type=\"container\" data-settings=\"{&quot;background_background&quot;:&quot;classic&quot;,&quot;_ha_eqh_enable&quot;:false}\">\n\t\t\t\t\t<div class=\"e-con-inner\">\n\t\t<div class=\"elementor-element elementor-element-2fd8e53 e-con-full e-flex wpr-particle-no wpr-jarallax-no wpr-parallax-no wpr-sticky-section-no e-con e-child\" data-id=\"2fd8e53\" data-element_type=\"container\" data-settings=\"{&quot;_ha_eqh_enable&quot;:false}\">\n\t\t\t\t<div class=\"elementor-element elementor-element-5371274 elementor-widget elementor-widget-tec_events_elementor_widget_event_image\" data-id=\"5371274\" data-element_type=\"widget\" data-widget_type=\"tec_events_elementor_widget_event_image.default\">\n\t\t\t\t<div class=\"elementor-widget-container\">\n\t\t\t\t\t<div  class=\"tec-events-elementor-event-widget__image\" >\n\t<img decoding=\"async\" width=\"576\" height=\"674\" src=\"https:\/\/lapaz.bo\/redcooperacion\/wp-content\/uploads\/2024\/11\/hfjfjh.png\" class=\"elementor-image\" alt=\"\" srcset=\"https:\/\/lapaz.bo\/redcooperacion\/wp-content\/uploads\/2024\/11\/hfjfjh.png 576w, https:\/\/lapaz.bo\/redcooperacion\/wp-content\/uploads\/2024\/11\/hfjfjh-256x300.png 256w\" sizes=\"(max-width: 576px) 100vw, 576px\" \/><\/div>\n\t\t\t\t<\/div>\n\t\t\t\t<\/div>\n\t\t\t\t<\/div>\n\t\t<div class=\"elementor-element elementor-element-597e244 e-con-full e-flex wpr-particle-no wpr-jarallax-no wpr-parallax-no wpr-sticky-section-no e-con e-child\" data-id=\"597e244\" data-element_type=\"container\" data-settings=\"{&quot;_ha_eqh_enable&quot;:false}\">\n\t\t\t\t<div class=\"elementor-element elementor-element-e1a3ddd elementor-widget elementor-widget-tec_events_elementor_widget_event_status\" data-id=\"e1a3ddd\" data-element_type=\"widget\" data-widget_type=\"tec_events_elementor_widget_event_status.default\">\n\t\t\t\t<div class=\"elementor-widget-container\">\n\t\t\t\t\t<p  class=\"tec-events-elementor-event-widget__status-passed\" >Este evento ha pasado.<\/p>\n\t\t\t\t<\/div>\n\t\t\t\t<\/div>\n\t\t\t\t<div class=\"elementor-element elementor-element-10c5af5 elementor-widget elementor-widget-tec_events_elementor_widget_event_datetime\" data-id=\"10c5af5\" data-element_type=\"widget\" data-widget_type=\"tec_events_elementor_widget_event_datetime.default\">\n\t\t\t\t<div class=\"elementor-widget-container\">\n\t\t\t\t\t<div  class=\"tec-events-elementor-event-widget__datetime-wrapper\" >\n\t\t<div  class=\"tec-events-elementor-event-widget__datetime\" >\n\t\t\t<span  class=\"tec-events-elementor-event-widget__datetime-date tec-events-elementor-event-widget__datetime-date--start\" >octubre 30<\/span>\n\n\t\t\n\t<span  class=\"tec-events-elementor-event-widget__datetime-separator\" >\n\t - <\/span>\n\n\t<span  class=\"tec-events-elementor-event-widget__datetime-date tec-events-elementor-event-widget__datetime-date--end\" >octubre 31<\/span>\n\n\t<\/div><\/div>\n\t\t\t\t<\/div>\n\t\t\t\t<\/div>\n\t\t\t\t<\/div>\n\t\t<div class=\"elementor-element elementor-element-beb7e29 e-con-full e-flex wpr-particle-no wpr-jarallax-no wpr-parallax-no wpr-sticky-section-no e-con e-child\" data-id=\"beb7e29\" data-element_type=\"container\" data-settings=\"{&quot;_ha_eqh_enable&quot;:false}\">\n\t\t\t\t<div class=\"elementor-element elementor-element-d7bab2f elementor-widget elementor-widget-tec_events_elementor_widget_event_website\" data-id=\"d7bab2f\" data-element_type=\"widget\" data-widget_type=\"tec_events_elementor_widget_event_website.default\">\n\t\t\t\t<div class=\"elementor-widget-container\">\n\t\t\t\t\t<div  class=\"tec-events-elementor-event-widget__website\" >\n\t<h3  class=\"tec-events-elementor-event-widget__website-header\" >\n\tWeb:<\/h3>\t<div  class=\"tec-events-elementor-event-widget__website-link\" >\n\t<a href=\"https:\/\/shorturl.at\/a5QKk\" target=\"_blank\" rel=\"noopener noreferrer\">https:\/\/shorturl.at\/a5QKk<\/a><\/div>\n<\/div>\n\t\t\t\t<\/div>\n\t\t\t\t<\/div>\n\t\t\t\t<\/div>\n\t\t<div class=\"elementor-element elementor-element-9fd1922 e-con-full e-flex wpr-particle-no wpr-jarallax-no wpr-parallax-no wpr-sticky-section-no e-con e-child\" data-id=\"9fd1922\" data-element_type=\"container\" data-settings=\"{&quot;_ha_eqh_enable&quot;:false}\">\n\t\t\t\t<div class=\"elementor-element elementor-element-059f272 elementor-widget elementor-widget-tec_events_elementor_widget_event_export\" data-id=\"059f272\" data-element_type=\"widget\" data-widget_type=\"tec_events_elementor_widget_event_export.default\">\n\t\t\t\t<div class=\"elementor-widget-container\">\n\t\t\t\t\t<div  class=\"tec-events-elementor-event-widget__export\" >\n\t<div  class=\"tec-events-elementor-event-widget__export-dropdown\" >\n\t\t\n<button\n\t class=\"tec-events-elementor-event-widget__export-dropdown-button tribe-common-c-btn-border tribe-events-c-subscribe-dropdown__button\" \taria-expanded=\"false\"\n\taria-controls=\"\"\n\taria-label=\"Ver enlaces para a\u00f1adir eventos al calendario\"\n>\n\t<i\n\t\t class=\"eicon eicon-export-kit tec-events-elementor-event-widget__export-dropdown-export-icon\" \t\taria-hidden=\"true\"\n\t><\/i>\n\tA\u00f1adir al calendario\t<svg\n\t\t class=\"tec-events-elementor-event-widget__export-dropdown-icon\" \t\tviewBox=\"0 0 12 8\"\n\t\txmlns=\"http:\/\/www.w3.org\/2000\/svg\"\n\t>\n\t\t<path d=\"M1.21.85L6 5.64 10.79.85 11.94 2 6 7.94.06 2z\" fill=\"currentColor\" fill-rule=\"nonzero\"\/>\n\t<\/svg>\n<\/button>\n\t\t<div\n\t\t\t class=\"tec-events-elementor-event-widget__export-dropdown-content\" \t\t\tstyle=\"display: none;\"\n\t\t>\n\t\t\t<ul  class=\"tec-events-elementor-event-widget__export-dropdown-list\" >\n\t\t\t\t\t\t\t\t\t<li  class=\"tec-events-elementor-event-widget__export-dropdown-list-item tec-events-elementor-event-widget__export-dropdown--gcal\" >\n\t<a\n\t class=\"tec-events-elementor-event-widget__export-dropdown-link\" \thref=\"https:\/\/www.google.com\/calendar\/event?action=TEMPLATE&#038;dates=20241030T000000\/20241031T235959&#038;text=Su%20Majestad%20el%20Rey%20presidir%C3%A1%20el%20%E2%80%9CI%20Encuentro%20de%20Ciudades%20Iberoamericanas%E2%80%9D&#038;details=%3Ch1%3E%09Su+Majestad+el+Rey+presidir%C3%A1+el+%E2%80%9CI+Encuentro+de+Ciudades+Iberoamericanas%E2%80%9D%3C%2Fh1%3E%09%09%09%09%3Cp%3EDon+Felipe+presidir%C3%A1+el+%E2%80%9CI+Encuentro+de+Ciudades+Iberoamericanas%E2%80%9D%2C+organizado+por+la+UCCI+y+SEGIB+que+tendr%C3%A1+lugar+los+d%C3%ADas+30+y+31+de+octubre+y+que+busca+visibilizar+el+rol+de+las+grandes+ciudades+en+el+desarrollo+de+Iberoam%C3%A9rica.%3C%2Fp%3E+%3Cp%3EEl+encuentro+se+enmarca+dentro+de+las+reuniones+preparatorias+de+la+pr%C3%B3xima+Cumbre+Iberoamericana+de+Jefes+y+Jefas+de+Estado+y+de+Gobierno+y+elevar%C3%A1+la+voz+de+los+gobiernos+locales+en+la+institucionalidad+de+las+Cumbres+Iberoamericanas.%3C%2Fp%3E+%09%09%09%09%09%09%09%09%09%09%09%09%09%09%09%3Cimg+width%3D%22576%22+height%3D%22674%22+src%3D%22https%3A%2F%2Flapaz.bo%2Fredcooperacion%2Fwp-content%2Fuploads%2F2024%2F11%2Fhfjfjh.png%22+alt%3D%22%22+srcset%3D%22https%3A%2F%2Flapaz.bo%2Fredcooperacion%2Fwp-content%2Fuploads%2F2024%2F11%2Fhfjfjh.png+576w%2C+https%3A%2F%2Flapaz.bo%2Fredcooperacion%2Fwp-content%2Fuploads%2F2024%2F11%2Fhfjfjh-256x300.png+256w%22+sizes%3D%22%28max-width%3A+576px%29+100vw%2C+576px%22+%2F%3E%09%09%09%09%09%09%09%09%09%09%09%09%09%09%09%3Cp%3EEl+evento+se+podr%C3%A1+seguir+v%C3%ADa+Streaming%3Cbr+%2F%3E%F0%9F%3C%2Fp%3E+%28Ver+aqu%C3%AD+la+descripci%C3%B3n+completa+de+evento%3A+https%3A%2F%2Flapaz.bo%2Fredcooperacion%2Feventos%2Fsu-majestad-el-rey-presidira-el-i-encuentro-de-ciudades-iberoamericanas%2F%29&#038;trp=false&#038;ctz=America\/La_Paz&#038;sprop=website:https:\/\/lapaz.bo\/redcooperacion\"\n\ttarget=\"_blank\"\n\trel=\"noopener noreferrer\"\n>Google Calendar<\/a>\n<\/li>\n\t\t\t\t\t\t\t\t\t<li  class=\"tec-events-elementor-event-widget__export-dropdown-list-item tec-events-elementor-event-widget__export-dropdown--ical\" >\n\t<a\n\t class=\"tec-events-elementor-event-widget__export-dropdown-link\" \thref=\"https:\/\/lapaz.bo\/redcooperacion\/eventos\/su-majestad-el-rey-presidira-el-i-encuentro-de-ciudades-iberoamericanas\/?ical=1\"\n\ttarget=\"_blank\"\n\trel=\"noopener noreferrer\"\n>iCalendar<\/a>\n<\/li>\n\t\t\t\t\t\t\t\t\t<li  class=\"tec-events-elementor-event-widget__export-dropdown-list-item tec-events-elementor-event-widget__export-dropdown--outlook-365\" >\n\t<a\n\t class=\"tec-events-elementor-event-widget__export-dropdown-link\" \thref=\"https:\/\/outlook.office.com\/owa\/?path=\/calendar\/action\/compose&#038;rrv=addevent&#038;startdt=2024-10-30T00%3A00%3A00-04%3A00&#038;enddt=2024-10-31T00%3A00%3A00&#038;location&#038;subject=Su%20Majestad%20el%20Rey%20presidir%C3%A1%20el%20%E2%80%9CI%20Encuentro%20de%20Ciudades%20Iberoamericanas%E2%80%9D&#038;body=%09Su%20Majestad%20el%20Rey%20presidir%C3%A1%20el%20%E2%80%9CI%20Encuentro%20de%20Ciudades%20Iberoamericanas%E2%80%9D%09%09%09%09%3Cp%3EDon%20Felipe%20presidir%C3%A1%20el%20%E2%80%9CI%20Encuentro%20de%20Ciudades%20Iberoamericanas%E2%80%9D%2C%20organizado%20por%20la%20UCCI%20y%20SEGIB%20que%20tendr%C3%A1%20lugar%20los%20d%C3%ADas%2030%20y%2031%20de%20octubre%20y%20que%20busca%20visibilizar%20el%20rol%20de%20las%20grandes%20ciudades%20en%20el%20desarrollo%20de%20Iberoam%C3%A9rica.%3C%2Fp%3E%3Cp%3EEl%20encuentro%20se%20enmarca%20dentro%20de%20las%20reuniones%20preparatorias%20de%20la%20pr%C3%B3xima%20Cumbre%20Iberoamericana%20de%20Jefes%20y%20Jefas%20de%20Estado%20y%20de%20Gobierno%20y%20elevar%C3%A1%20la%20voz%20de%20los%20gobiernos%20locales%20en%20la%20institucionalidad%20de%20las%20Cumbres%20Iberoamericanas.%3C%2Fp%3E%09%09%09%09%09%09%09%09%09%09%09%09%09%09%09%09%09%09%09%09%09%09%09%09%09%09%09%09%09%09%3Cp%3EEl%20evento%20se%20podr%C3%A1%20seguir%20v%C3%ADa%20Streaming%F0%9F%92%BB%20Acceder%20en%20la%20web%20del%20evento%3A%20https%3A%2F%2Fshorturl.at%2Fa5QKk%3C%2Fp%3E%3Cp%3ETEMAS%3A%3C%2Fp%3EFinanciaci%C3%B3n%20sostenible%20para%20el%20desarrollo%20futuro%20de%20las%20ciudades%20iberoamericanaTransici%C3%B3n%20urbana%20sostenible%3A%20recursos%20en%20crisisDesaf%C3%ADos%20urbanos%20en%20torno%20a%20la%20seguridad%20%28Ver%20aqu%C3%AD%20la%20descripci%C3%B3n%20completa%20de%20Evento%3A%20https%3A%2F%2Flapaz.bo%2Fredcooperacion%2Feventos%2Fsu-majestad-el-rey-presidira-el-i-encuentro-de-ciudades-iberoamericanas%2F%29\"\n\ttarget=\"_blank\"\n\trel=\"noopener noreferrer\"\n>Outlook 365<\/a>\n<\/li>\n\t\t\t\t\t\t\t\t\t<li  class=\"tec-events-elementor-event-widget__export-dropdown-list-item tec-events-elementor-event-widget__export-dropdown--outlook-live\" >\n\t<a\n\t class=\"tec-events-elementor-event-widget__export-dropdown-link\" \thref=\"https:\/\/outlook.live.com\/owa\/?path=\/calendar\/action\/compose&#038;rrv=addevent&#038;startdt=2024-10-30T00%3A00%3A00-04%3A00&#038;enddt=2024-10-31T00%3A00%3A00&#038;location&#038;subject=Su%20Majestad%20el%20Rey%20presidir%C3%A1%20el%20%E2%80%9CI%20Encuentro%20de%20Ciudades%20Iberoamericanas%E2%80%9D&#038;body=%09Su%20Majestad%20el%20Rey%20presidir%C3%A1%20el%20%E2%80%9CI%20Encuentro%20de%20Ciudades%20Iberoamericanas%E2%80%9D%09%09%09%09%3Cp%3EDon%20Felipe%20presidir%C3%A1%20el%20%E2%80%9CI%20Encuentro%20de%20Ciudades%20Iberoamericanas%E2%80%9D%2C%20organizado%20por%20la%20UCCI%20y%20SEGIB%20que%20tendr%C3%A1%20lugar%20los%20d%C3%ADas%2030%20y%2031%20de%20octubre%20y%20que%20busca%20visibilizar%20el%20rol%20de%20las%20grandes%20ciudades%20en%20el%20desarrollo%20de%20Iberoam%C3%A9rica.%3C%2Fp%3E%3Cp%3EEl%20encuentro%20se%20enmarca%20dentro%20de%20las%20reuniones%20preparatorias%20de%20la%20pr%C3%B3xima%20Cumbre%20Iberoamericana%20de%20Jefes%20y%20Jefas%20de%20Estado%20y%20de%20Gobierno%20y%20elevar%C3%A1%20la%20voz%20de%20los%20gobiernos%20locales%20en%20la%20institucionalidad%20de%20las%20Cumbres%20Iberoamericanas.%3C%2Fp%3E%09%09%09%09%09%09%09%09%09%09%09%09%09%09%09%09%09%09%09%09%09%09%09%09%09%09%09%09%09%09%3Cp%3EEl%20evento%20se%20podr%C3%A1%20seguir%20v%C3%ADa%20Streaming%F0%9F%92%BB%20Acceder%20en%20la%20web%20del%20evento%3A%20https%3A%2F%2Fshorturl.at%2Fa5QKk%3C%2Fp%3E%3Cp%3ETEMAS%3A%3C%2Fp%3EFinanciaci%C3%B3n%20sostenible%20para%20el%20desarrollo%20futuro%20de%20las%20ciudades%20iberoamericanaTransici%C3%B3n%20urbana%20sostenible%3A%20recursos%20en%20crisisDesaf%C3%ADos%20urbanos%20en%20torno%20a%20la%20seguridad%20%28Ver%20aqu%C3%AD%20la%20descripci%C3%B3n%20completa%20de%20Evento%3A%20https%3A%2F%2Flapaz.bo%2Fredcooperacion%2Feventos%2Fsu-majestad-el-rey-presidira-el-i-encuentro-de-ciudades-iberoamericanas%2F%29\"\n\ttarget=\"_blank\"\n\trel=\"noopener noreferrer\"\n>Outlook Live<\/a>\n<\/li>\n\t\t\t\t\t\t\t<\/ul>\n\t\t<\/div>\n\n\t\t<script>\n\t\t\t\/\/ Some JS to toggle the dropdown, todo: maybe move this to a separate file?\n\t\t\tvar exportButton = document.querySelector( \".tec-events-elementor-event-widget__export-dropdown-button\" );\n\t\t\tvar exportDropdownContent = document.querySelector( \".tec-events-elementor-event-widget__export-dropdown-content\" );\n\t\t\tvar exportDropdownIcon = document.querySelector( \".tec-events-elementor-event-widget__export-dropdown-icon\" );\n\n\t\t\texportButton.addEventListener(\n\t\t\t\t\"click\",\n\t\t\t\tfunction () {\n\t\t\t\t\tlet isClosed = exportDropdownContent.style.display !== \"block\";\n\t\t\t\t\texportButton.ariaExpanded = isClosed ? \"true\" : \"false\"; \/\/ Update aria-expanded.\n\t\t\t\t\texportDropdownContent.style.display = isClosed ? \"block\" : \"none\"; \/\/ Toggle display.\n\t\t\t\t\texportDropdownIcon.classList.toggle( \"tec-events-elementor-event-widget__export-dropdown-icon--active\" ); \/\/ Toggle arrow direction.\n\t\t\t\t}\n\t\t\t);\n\t\t<\/script>\n\t<\/div>\n<\/div>\n\t\t\t\t<\/div>\n\t\t\t\t<\/div>\n\t\t\t\t<\/div>\n\t\t\t\t\t<\/div>\n\t\t\t\t<\/div>\n\t\t\t\t<\/div>\n\t\t","protected":false},"excerpt":{"rendered":"<p>Su Majestad el Rey presidir\u00e1 el \u201cI Encuentro de Ciudades Iberoamericanas\u201d Don Felipe presidir\u00e1 el \u201cI Encuentro de Ciudades Iberoamericanas\u201d, organizado por la UCCI y SEGIB que tendr\u00e1 lugar los&#8230;<\/p>\n","protected":false},"author":1,"featured_media":1238,"template":"","meta":{"_acf_changed":false,"_bbp_topic_count":0,"_bbp_reply_count":0,"_bbp_total_topic_count":0,"_bbp_total_reply_count":0,"_bbp_voice_count":0,"_bbp_anonymous_reply_count":0,"_bbp_topic_count_hidden":0,"_bbp_reply_count_hidden":0,"_bbp_forum_subforum_count":0,"site-sidebar-layout":"default","site-content-layout":"","ast-site-content-layout":"default","site-content-style":"default","site-sidebar-style":"default","ast-global-header-display":"","ast-banner-title-visibility":"","ast-main-header-display":"","ast-hfb-above-header-display":"","ast-hfb-below-header-display":"","ast-hfb-mobile-header-display":"","site-post-title":"","ast-breadcrumbs-content":"","ast-featured-img":"","footer-sml-layout":"","theme-transparent-header-meta":"default","adv-header-id-meta":"","stick-header-meta":"","header-above-stick-meta":"","header-main-stick-meta":"","header-below-stick-meta":"","astra-migrate-meta-layouts":"set","ast-page-background-enabled":"default","ast-page-background-meta":{"desktop":{"background-color":"var(--ast-global-color-4)","background-image":"","background-repeat":"repeat","background-position":"center center","background-size":"auto","background-attachment":"scroll","background-type":"","background-media":"","overlay-type":"","overlay-color":"","overlay-opacity":"","overlay-gradient":""},"tablet":{"background-color":"","background-image":"","background-repeat":"repeat","background-position":"center center","background-size":"auto","background-attachment":"scroll","background-type":"","background-media":"","overlay-type":"","overlay-color":"","overlay-opacity":"","overlay-gradient":""},"mobile":{"background-color":"","background-image":"","background-repeat":"repeat","background-position":"center center","background-size":"auto","background-attachment":"scroll","background-type":"","background-media":"","overlay-type":"","overlay-color":"","overlay-opacity":"","overlay-gradient":""}},"ast-content-background-meta":{"desktop":{"background-color":"var(--ast-global-color-5)","background-image":"","background-repeat":"repeat","background-position":"center center","background-size":"auto","background-attachment":"scroll","background-type":"","background-media":"","overlay-type":"","overlay-color":"","overlay-opacity":"","overlay-gradient":""},"tablet":{"background-color":"var(--ast-global-color-5)","background-image":"","background-repeat":"repeat","background-position":"center center","background-size":"auto","background-attachment":"scroll","background-type":"","background-media":"","overlay-type":"","overlay-color":"","overlay-opacity":"","overlay-gradient":""},"mobile":{"background-color":"var(--ast-global-color-5)","background-image":"","background-repeat":"repeat","background-position":"center center","background-size":"auto","background-attachment":"scroll","background-type":"","background-media":"","overlay-type":"","overlay-color":"","overlay-opacity":"","overlay-gradient":""}},"_tribe_events_status":"","_tribe_events_status_reason":"","footnotes":""},"tags":[],"tribe_events_cat":[],"class_list":["post-1237","tribe_events","type-tribe_events","status-publish","has-post-thumbnail","hentry"],"acf":[],"_links":{"self":[{"href":"https:\/\/lapaz.bo\/redcooperacion\/wp-json\/wp\/v2\/tribe_events\/1237","targetHints":{"allow":["GET"]}}],"collection":[{"href":"https:\/\/lapaz.bo\/redcooperacion\/wp-json\/wp\/v2\/tribe_events"}],"about":[{"href":"https:\/\/lapaz.bo\/redcooperacion\/wp-json\/wp\/v2\/types\/tribe_events"}],"author":[{"embeddable":true,"href":"https:\/\/lapaz.bo\/redcooperacion\/wp-json\/wp\/v2\/users\/1"}],"version-history":[{"count":6,"href":"https:\/\/lapaz.bo\/redcooperacion\/wp-json\/wp\/v2\/tribe_events\/1237\/revisions"}],"predecessor-version":[{"id":3029,"href":"https:\/\/lapaz.bo\/redcooperacion\/wp-json\/wp\/v2\/tribe_events\/1237\/revisions\/3029"}],"wp:featuredmedia":[{"embeddable":true,"href":"https:\/\/lapaz.bo\/redcooperacion\/wp-json\/wp\/v2\/media\/1238"}],"wp:attachment":[{"href":"https:\/\/lapaz.bo\/redcooperacion\/wp-json\/wp\/v2\/media?parent=1237"}],"wp:term":[{"taxonomy":"post_tag","embeddable":true,"href":"https:\/\/lapaz.bo\/redcooperacion\/wp-json\/wp\/v2\/tags?post=1237"},{"taxonomy":"tribe_events_cat","embeddable":true,"href":"https:\/\/lapaz.bo\/redcooperacion\/wp-json\/wp\/v2\/tribe_events_cat?post=1237"}],"curies":[{"name":"wp","href":"https:\/\/api.w.org\/{rel}","templated":true}]}}